{"id":116,"date":"2014-07-03T06:49:27","date_gmt":"2014-07-03T06:49:27","guid":{"rendered":"http:\/\/rasti-hyry.net\/wordpress\/?page_id=116"},"modified":"2014-07-03T07:21:10","modified_gmt":"2014-07-03T07:21:10","slug":"syyskokous-2008","status":"publish","type":"page","link":"http:\/\/rasti-hyry.net\/wordpress\/?page_id=116","title":{"rendered":"Syyskokous 2008"},"content":{"rendered":"<p style=\"color: #3a453b;\">Asia: Rasti-Hyryn syyskokous<br \/>\nPaikka: Hotelli Seurahuone Kotka<br \/>\nAika: la 15.11. 2008 klo 18.00<\/p>\n<table style=\"color: #3a453b;\" border=\"0\" cellspacing=\"0\" cellpadding=\"0\">\n<tbody>\n<tr>\n<td class=\"td_PTK_korostus1\" valign=\"top\" width=\"30\">1.<\/td>\n<td class=\"td_PTK_korostus1\" colspan=\"2\">Puheenjohtaja Timo Partanen avasi kokouksen klo 18.00.<\/td>\n<\/tr>\n<tr>\n<td class=\"td_PTK_korostus2\" valign=\"top\" width=\"30\">2.<\/td>\n<td class=\"td_PTK_korostus2\" colspan=\"2\">Valittiin kokouksen puheenjohtajaksi Timo Partanen ja sihteeriksi J-P Ker\u00e4nen.<\/td>\n<\/tr>\n<tr>\n<td class=\"td_PTK_korostus1\" valign=\"top\" width=\"30\">3.<\/td>\n<td class=\"td_PTK_korostus1\" colspan=\"2\">Valittiin kokouksen ptk. tarkastajiksi ja \u00e4\u00e4ntenlaskijoiksi Eero Juntunen ja<br \/>\nEsa Romppainen.<\/td>\n<\/tr>\n<tr>\n<td class=\"td_PTK_korostus2\" valign=\"top\" width=\"30\">4.<\/td>\n<td class=\"td_PTK_korostus2\" colspan=\"2\">Todettiin kokous lailliseksi ja p\u00e4\u00e4t\u00f6svaltaiseksi.<\/td>\n<\/tr>\n<tr>\n<td class=\"td_PTK_korostus1\" valign=\"top\" width=\"30\">5.<\/td>\n<td class=\"td_PTK_korostus1\" colspan=\"2\">L\u00e4sn\u00e4 11 seuran j\u00e4sent\u00e4, osallistujaluettelo liitteen\u00e4.<\/td>\n<\/tr>\n<tr>\n<td class=\"td_PTK_korostus2\" valign=\"top\" width=\"30\">6.<\/td>\n<td class=\"td_PTK_korostus2\" colspan=\"2\">Pj. Timo Partanen esitteli seuran toimintasuunnitelman, joka hyv\u00e4ksyttiin.Pj. Timo Partanen<br \/>\nesitteli seuran talousarvion, joka hyv\u00e4ksyttiin. Liitteen\u00e4 toimintasuunnitelma ja talousarvio<br \/>\nkaudelle 2009.<\/td>\n<\/tr>\n<tr>\n<td class=\"td_PTK_korostus1\" valign=\"top\" width=\"30\">7.<\/td>\n<td class=\"td_PTK_korostus1\" colspan=\"2\">Valittiin seuran puheenjohtajaksi seuraavaksi kaksivuotiskaudeksi Eero Juntunen ja<br \/>\nsihteeriksi Juha Partanen.<\/td>\n<\/tr>\n<tr>\n<td class=\"td_PTK_korostus2\" valign=\"top\" width=\"30\">8.<\/td>\n<td class=\"td_PTK_korostus2\" colspan=\"2\">Johtokunnassa jatkavat vanhoina j\u00e4senin\u00e4 Timo Partanen, Jarmo Juntunen, Eero Juntunen ja<br \/>\nEsa Romppainen. Erovuoroisista j\u00e4senist\u00e4 Tuija Jurvakainen valittiin uudelleen. J-P Ker\u00e4sen<br \/>\ntilalle johtokuntaan valittiin Juha Partanen ja Esko Heikkisen tilalle Veli-Matti L\u00e4hdesm\u00e4ki.<\/td>\n<\/tr>\n<tr>\n<td class=\"td_PTK_korostus1\" valign=\"top\" width=\"30\">9.<\/td>\n<td class=\"td_PTK_korostus1\" colspan=\"2\">J\u00e4senmaksuksi v. 2009 vahvistettiin PERHE 20 \u20ac, AIKUINEN 10 \u20ac , ALLE 16-VUOTIAAT 5 \u20ac.<\/td>\n<\/tr>\n<tr>\n<td class=\"td_PTK_korostus2\" rowspan=\"4\" valign=\"top\" width=\"30\">10.<\/td>\n<td class=\"td_PTK_korostus2\" colspan=\"2\">Osanottomaksuista ja matkakorvauksista p\u00e4\u00e4tettiin seuraavaa:<\/td>\n<\/tr>\n<tr>\n<td class=\"td_PTK_korostus2\" valign=\"top\" width=\"20\">&#8211;<\/td>\n<td class=\"td_PTK_korostus2\">seura maksaa kaikki alle 18-vuotiaiden osanottomaksut<\/td>\n<\/tr>\n<tr>\n<td class=\"td_PTK_korostus2\" valign=\"top\" width=\"20\">&#8211;<\/td>\n<td class=\"td_PTK_korostus2\">seura maksaa SM-, PSM- ja aluemestaruuskilp.osanottomaksut<\/td>\n<\/tr>\n<tr>\n<td class=\"td_PTK_korostus2\" valign=\"top\" width=\"20\">&#8211;<\/td>\n<td class=\"td_PTK_korostus2\">matkakorvaukset SM-kilp. 10 snt.\/ km + 1 snt. lis\u00e4henkil\u00f6<\/td>\n<\/tr>\n<tr>\n<td class=\"td_PTK_korostus2\" valign=\"top\" width=\"30\"><\/td>\n<td class=\"td_PTK_korostus2\" valign=\"top\" width=\"20\">&#8211;<\/td>\n<td class=\"td_PTK_korostus2\">majoituskorvaus tapauskohtaisesti<\/td>\n<\/tr>\n<tr>\n<td class=\"td_PTK_korostus1\" rowspan=\"5\" valign=\"top\" width=\"30\">11.<\/td>\n<td class=\"td_PTK_korostus1\" colspan=\"2\">Muut asiat<\/td>\n<\/tr>\n<tr>\n<td class=\"td_PTK_korostus1\" valign=\"top\" width=\"20\">&#8211;<\/td>\n<td class=\"td_PTK_korostus1\">Palkittiin seuran parhaat suunnistajat v. 2008<br \/>\n\u2022 seuran paras Petteri Niskanen<br \/>\n\u2022 paras juniori Anni Partanen<br \/>\n\u2022 palkitut juniorit kaikki kes\u00e4n 2008 aikana suunnistuskoulussa olleet<br \/>\n\u2022 hiihtosuunnistuksen s\u00e4\u00e4lipalkinto: Tapani Ronkainen<br \/>\n\u2022 vuoden talkoolainen Raija-Liisa Heikkinen (50 \u20ac kannustuspalkinto)<\/td>\n<\/tr>\n<tr>\n<td class=\"td_PTK_korostus1\" valign=\"top\" width=\"20\">&#8211;<\/td>\n<td class=\"td_PTK_korostus1\">KRV-2008 raportin esittely:<br \/>\n\u2022 Timo Partanen esitteli KRV- 2008 raportin, jossa todettiin ett\u00e4 KRV onnistui Ukko-Hallassa hyvin ja asiakaspalaute oli hyv\u00e4\u00e4 tai erinomaista joka osa-alueella<\/td>\n<\/tr>\n<tr>\n<td class=\"td_PTK_korostus1\" valign=\"top\" width=\"20\">&#8211;<\/td>\n<td class=\"td_PTK_korostus1\">Valtuutettiin Juha Partanen ja Petteri Niskanen valmistelemaan ja tiedottamaan kes\u00e4 2009 kilpailumatkasta Italian rastiviikolle hein\u00e4kuun 2009 alussa. Sovittiin ett\u00e4 Timo Partanen, Eero Juntunen ja J-P Ker\u00e4nen laativat 4-portaisen taulukon seuran talkoisiin osallistumisesta, jonka mukaan seura tukee j\u00e4seni\u00e4\u00e4n kilpailumatkalla. Seuran tilille on j\u00e4\u00e4t\u00e4v\u00e4 v\u00e4hint\u00e4\u00e4n 7500 \u20ac pes\u00e4muna tulevaa toimintaa varten, yli j\u00e4\u00e4v\u00e4 osa voidaan k\u00e4ytt\u00e4\u00e4 Italian kilpailumatkaan.<\/td>\n<\/tr>\n<tr>\n<td class=\"td_PTK_korostus1\" valign=\"top\" width=\"20\">&#8211;<\/td>\n<td class=\"td_PTK_korostus1\">Todettiin ett\u00e4 Nivan koululle valmistuu uusi opetuskartta kev\u00e4\u00e4ll\u00e4 2009.<\/td>\n<\/tr>\n<tr>\n<td class=\"td_PTK_korostus1\" valign=\"top\" width=\"30\"><\/td>\n<td class=\"td_PTK_korostus1\" valign=\"top\" width=\"20\">&#8211;<\/td>\n<td class=\"td_PTK_korostus1\">Keskusteltiin tulevista kisahankkeista Hyrynsalmella ja valtuutettiin johtokunta<br \/>\nselvittelem\u00e4\u00e4n tarkemmin mahdollisien tulevien kilpailujen anomista.<\/td>\n<\/tr>\n<tr>\n<td class=\"td_PTK_korostus1\" valign=\"top\" width=\"30\"><\/td>\n<td class=\"td_PTK_korostus1\" valign=\"top\" width=\"20\">&#8211;<\/td>\n<td class=\"td_PTK_korostus1\">Valtuutettiin Timo Partanen ja Eero Juntunen j\u00e4rjest\u00e4m\u00e4\u00e4n suunnistuskoulun<br \/>\np\u00e4\u00e4tt\u00e4j\u00e4iset Hyrynsalmella.<\/td>\n<\/tr>\n<tr>\n<td class=\"td_PTK_korostus2\" valign=\"top\" width=\"30\">12.<\/td>\n<td class=\"td_PTK_korostus2\" colspan=\"2\">Puheenjohtaja p\u00e4\u00e4tti kokouksen klo 20.10<\/td>\n<\/tr>\n<\/tbody>\n<\/table>\n<p style=\"color: #3a453b;\">Kotka 15.11.2008<\/p>\n<p>pj. Timo Partanen<br \/>\nsiht. J-P Ker\u00e4nen<br \/>\nptk. tark. Eero Juntunen<br \/>\nptk.tark. Esa Romppainen<\/p>\n","protected":false},"excerpt":{"rendered":"<p>Asia: Rasti-Hyryn syyskokous Paikka: Hotelli Seurahuone Kotka Aika: la 15.11. 2008 klo 18.00 1. Puheenjohtaja Timo Partanen avasi kokouksen klo 18.00. 2. Valittiin kokouksen puheenjohtajaksi Timo Partanen ja sihteeriksi J-P Ker\u00e4nen. 3. Valittiin kokouksen ptk. tarkastajiksi ja \u00e4\u00e4ntenlaskijoiksi Eero Juntunen&hellip; <\/p>\n","protected":false},"author":1,"featured_media":0,"parent":12,"menu_order":7,"comment_status":"closed","ping_status":"closed","template":"","meta":{"footnotes":""},"class_list":["post-116","page","type-page","status-publish","hentry"],"_links":{"self":[{"href":"http:\/\/rasti-hyry.net\/wordpress\/index.php?rest_route=\/wp\/v2\/pages\/116","targetHints":{"allow":["GET"]}}],"collection":[{"href":"http:\/\/rasti-hyry.net\/wordpress\/index.php?rest_route=\/wp\/v2\/pages"}],"about":[{"href":"http:\/\/rasti-hyry.net\/wordpress\/index.php?rest_route=\/wp\/v2\/types\/page"}],"author":[{"embeddable":true,"href":"http:\/\/rasti-hyry.net\/wordpress\/index.php?rest_route=\/wp\/v2\/users\/1"}],"replies":[{"embeddable":true,"href":"http:\/\/rasti-hyry.net\/wordpress\/index.php?rest_route=%2Fwp%2Fv2%2Fcomments&post=116"}],"version-history":[{"count":2,"href":"http:\/\/rasti-hyry.net\/wordpress\/index.php?rest_route=\/wp\/v2\/pages\/116\/revisions"}],"predecessor-version":[{"id":151,"href":"http:\/\/rasti-hyry.net\/wordpress\/index.php?rest_route=\/wp\/v2\/pages\/116\/revisions\/151"}],"up":[{"embeddable":true,"href":"http:\/\/rasti-hyry.net\/wordpress\/index.php?rest_route=\/wp\/v2\/pages\/12"}],"wp:attachment":[{"href":"http:\/\/rasti-hyry.net\/wordpress\/index.php?rest_route=%2Fwp%2Fv2%2Fmedia&parent=116"}],"curies":[{"name":"wp","href":"https:\/\/api.w.org\/{rel}","templated":true}]}}